{"id":15,"date":"2019-05-22T11:49:35","date_gmt":"2019-05-22T11:49:35","guid":{"rendered":"https:\/\/eleggua.es\/blog\/?page_id=15"},"modified":"2019-06-04T11:03:45","modified_gmt":"2019-06-04T11:03:45","slug":"ferias","status":"publish","type":"page","link":"https:\/\/eleggua.es\/blog\/ferias\/","title":{"rendered":"Ferias"},"content":{"rendered":"\n[et_pb_section fb_built=\u00bb1&#8243; specialty=\u00bbon\u00bb _builder_version=\u00bb3.22.7&#8243; custom_padding=\u00bb22px||0px|||\u00bb][et_pb_column type=\u00bb1_3&#8243; _builder_version=\u00bb3.0.47&#8243;][et_pb_image src=\u00bbhttps:\/\/eleggua.es\/blog\/wp-content\/uploads\/2019\/05\/fondo-contenido3.jpg\u00bb disabled_on=\u00bbon|off|off\u00bb _builder_version=\u00bb3.22.7&#8243; width=\u00bb100%\u00bb custom_margin=\u00bb-53px|67px|-29px|-56px||\u00bb custom_padding=\u00bb0px|0px||0px||\u00bb][\/et_pb_image][\/et_pb_column][et_pb_column type=\u00bb2_3&#8243; specialty_columns=\u00bb2&#8243; _builder_version=\u00bb3.0.47&#8243;][et_pb_row_inner _builder_version=\u00bb3.22.7&#8243;][et_pb_column_inner type=\u00bb4_4&#8243; saved_specialty_column_type=\u00bb2_3&#8243; _builder_version=\u00bb3.0.47&#8243;][et_pb_text _builder_version=\u00bb3.22.7&#8243; text_font=\u00bb||||||||\u00bb text_text_color=\u00bb#900f3c\u00bb text_font_size=\u00bb18px\u00bb header_font=\u00bb||||||||\u00bb header_text_color=\u00bb#900f3c\u00bb header_font_size=\u00bb18px\u00bb]<h1 id=\"titulo\" style=\"text-align: center;\"><strong>B\u00daSCANOS EN&#8230;<\/strong><\/h1>\n[\/et_pb_text][\/et_pb_column_inner][\/et_pb_row_inner][et_pb_row_inner custom_padding=\u00bb|20px|37px|20px||\u00bb _builder_version=\u00bb3.22.7&#8243; background_image=\u00bbhttps:\/\/eleggua.es\/blog\/wp-content\/uploads\/2019\/05\/fondoferia.jpg\u00bb border_radii=\u00bbon|29px|29px|29px|29px\u00bb][et_pb_column_inner type=\u00bb4_4&#8243; saved_specialty_column_type=\u00bb2_3&#8243; _builder_version=\u00bb3.0.47&#8243;][et_pb_image src=\u00bbhttps:\/\/eleggua.es\/blog\/wp-content\/uploads\/2019\/05\/magic02.jpg\u00bb align=\u00bbcenter\u00bb _builder_version=\u00bb3.22.7&#8243; border_width_all=\u00bb3px\u00bb border_color_all=\u00bb#006633&#8243;][\/et_pb_image][et_pb_text _builder_version=\u00bb3.22.7&#8243; text_font=\u00bb||||||||\u00bb text_text_color=\u00bb#ffff00&#8243; text_font_size=\u00bb30px\u00bb text_line_height=\u00bb1.4em\u00bb text_line_height_phone=\u00bb2.8em\u00bb text_line_height_last_edited=\u00bboff|phone\u00bb header_font=\u00bb||||||||\u00bb text_orientation=\u00bbcenter\u00bb custom_margin_last_edited=\u00bboff|desktop\u00bb]<p><strong>XVI FERIA ESOT\u00c9RICA ATOCHA<\/strong><\/p>[\/et_pb_text][et_pb_text _builder_version=\u00bb3.22.7&#8243; text_font=\u00bb||||||||\u00bb text_text_color=\u00bb#000000&#8243;]<div id=\"ven\" style=\"text-align: justify;\">Estaremos presentes en la \u00ab<strong>XVI Edici\u00f3n de la Feria Esot\u00e9rica de Atocha<\/strong>\u00bb que se celebrar\u00e1 en Madrid.<span>\u00a0<\/span><strong>desde el 5 hasta el 15 de Marzo<\/strong>. La Feria se celebrar\u00e1 en el<span>\u00a0<\/span><strong>Jard\u00edn Invernadero Estaci\u00f3n de Atocha<\/strong>. All\u00ed les mostraremos todas las<span>\u00a0<\/span><strong>novedades<\/strong><span>\u00a0<\/span>que hemos ido incluyendo en nuestro cat\u00e1logo a lo largo del a\u00f1o as\u00ed como una gran muestra del<span>\u00a0<\/span><strong>amplio surtido de art\u00edculos<\/strong><span>\u00a0<\/span>que disponemos a la venta para nuestros clientes.<\/div>[\/et_pb_text][et_pb_text _builder_version=\u00bb3.22.7&#8243; text_font=\u00bb||||||||\u00bb text_text_color=\u00bb#ffff00&#8243; text_font_size=\u00bb30px\u00bb text_line_height=\u00bb1.4em\u00bb text_line_height_phone=\u00bb2.8em\u00bb text_line_height_last_edited=\u00bboff|phone\u00bb header_font=\u00bb||||||||\u00bb text_orientation=\u00bbcenter\u00bb custom_margin_last_edited=\u00bboff|desktop\u00bb]<p><strong>MAGIC&#8217;15 <span style=\"color: #cc0033;\">Internacional<\/span><\/strong><\/p>[\/et_pb_text][et_pb_text _builder_version=\u00bb3.22.7&#8243; text_font=\u00bb||||||||\u00bb text_text_color=\u00bb#000000&#8243;]<div id=\"ven\" style=\"text-align: justify;\">Volveremos a vernos en la Feria \u00ab<strong>Magic\u00b415 Internacional<\/strong>\u00bb que se celebrar\u00e1 en Barcelona.<span>\u00a0<\/span><strong>El 30, 31 de Octubre y 1 de Noviembre<\/strong><span>\u00a0<\/span>estaremos en nuestros<span>\u00a0<\/span><strong>STANDS 104 Y 106<\/strong>. La Feria se celebrar\u00e1 en el<span>\u00a0<\/span><strong>CCIB-FORUM BCN<\/strong>, El Centro de Convenciones Internacional de Barcelona. All\u00ed les mostraremos todas las<span>\u00a0<\/span><strong>novedades<\/strong><span>\u00a0<\/span>que hemos ido incluyendo en nuestro cat\u00e1logo a lo largo del a\u00f1o as\u00ed como una gran muestra del<span>\u00a0<\/span><strong>amplio surtido de art\u00edculos<\/strong><span>\u00a0<\/span>que disponemos a la venta para nuestros clientes.<\/div>[\/et_pb_text][et_pb_text _builder_version=\u00bb3.22.7&#8243; text_font=\u00bb||||||||\u00bb text_text_color=\u00bb#000000&#8243; text_font_size=\u00bb25px\u00bb text_line_height=\u00bb1.4em\u00bb text_orientation=\u00bbcenter\u00bb custom_margin=\u00bb||13px|||\u00bb]<strong>El 30, 31 de Octubre y 1 de Noviembre de 2015<\/strong>[\/et_pb_text][\/et_pb_column_inner][\/et_pb_row_inner][\/et_pb_column][\/et_pb_section]\n","protected":false},"excerpt":{"rendered":"","protected":false},"author":1,"featured_media":0,"parent":0,"menu_order":0,"comment_status":"closed","ping_status":"closed","template":"","meta":{"_et_pb_use_builder":"on","_et_pb_old_content":"<!-- wp:divi\/placeholder \/-->"},"yoast_head":"<!-- This site is optimized with the Yoast SEO plugin v19.1 - https:\/\/yoast.com\/wordpress\/plugins\/seo\/ -->\n<title>Tienda de productos esot\u00e9ricos y art\u00edculos de santer\u00eda - Eleggua<\/title>\n<meta name=\"description\" content=\"Eleggua.es, tienda especialista en productos esot\u00e9ricos y art\u00edculos de santer\u00eda, On-line, Madrid y Barcelona\" \/>\n<meta name=\"robots\" content=\"index, follow, max-snippet:-1, max-image-preview:large, max-video-preview:-1\" \/>\n<link rel=\"canonical\" href=\"https:\/\/eleggua.es\/blog\/ferias\/\" \/>\n<meta property=\"og:locale\" content=\"es_ES\" \/>\n<meta property=\"og:type\" content=\"article\" \/>\n<meta property=\"og:title\" content=\"Tienda de productos esot\u00e9ricos y art\u00edculos de santer\u00eda - Eleggua\" \/>\n<meta property=\"og:description\" content=\"Eleggua.es, tienda especialista en productos esot\u00e9ricos y art\u00edculos de santer\u00eda, On-line, Madrid y Barcelona\" \/>\n<meta property=\"og:url\" content=\"https:\/\/eleggua.es\/blog\/ferias\/\" \/>\n<meta property=\"og:site_name\" content=\"Eleggua\" \/>\n<meta property=\"article:modified_time\" content=\"2019-06-04T11:03:45+00:00\" \/>\n<meta name=\"twitter:card\" content=\"summary_large_image\" \/>\n<meta name=\"twitter:label1\" content=\"Tiempo de lectura\" \/>\n\t<meta name=\"twitter:data1\" content=\"3 minutos\" \/>\n<script type=\"application\/ld+json\" class=\"yoast-schema-graph\">{\"@context\":\"https:\/\/schema.org\",\"@graph\":[{\"@type\":\"WebSite\",\"@id\":\"https:\/\/eleggua.es\/blog\/#website\",\"url\":\"https:\/\/eleggua.es\/blog\/\",\"name\":\"Eleggua\",\"description\":\"Tiendas de productos esot\u00e9ricos en Madrid y Barcelona. Tienda online de productos esotericos y de santeria al por mayor.\",\"potentialAction\":[{\"@type\":\"SearchAction\",\"target\":{\"@type\":\"EntryPoint\",\"urlTemplate\":\"https:\/\/eleggua.es\/blog\/?s={search_term_string}\"},\"query-input\":\"required name=search_term_string\"}],\"inLanguage\":\"es\"},{\"@type\":\"WebPage\",\"@id\":\"https:\/\/eleggua.es\/blog\/ferias\/#webpage\",\"url\":\"https:\/\/eleggua.es\/blog\/ferias\/\",\"name\":\"Tienda de productos esot\u00e9ricos y art\u00edculos de santer\u00eda - Eleggua\",\"isPartOf\":{\"@id\":\"https:\/\/eleggua.es\/blog\/#website\"},\"datePublished\":\"2019-05-22T11:49:35+00:00\",\"dateModified\":\"2019-06-04T11:03:45+00:00\",\"description\":\"Eleggua.es, tienda especialista en productos esot\u00e9ricos y art\u00edculos de santer\u00eda, On-line, Madrid y Barcelona\",\"breadcrumb\":{\"@id\":\"https:\/\/eleggua.es\/blog\/ferias\/#breadcrumb\"},\"inLanguage\":\"es\",\"potentialAction\":[{\"@type\":\"ReadAction\",\"target\":[\"https:\/\/eleggua.es\/blog\/ferias\/\"]}]},{\"@type\":\"BreadcrumbList\",\"@id\":\"https:\/\/eleggua.es\/blog\/ferias\/#breadcrumb\",\"itemListElement\":[{\"@type\":\"ListItem\",\"position\":1,\"name\":\"Portada\",\"item\":\"https:\/\/eleggua.es\/blog\/\"},{\"@type\":\"ListItem\",\"position\":2,\"name\":\"Ferias\"}]}]}<\/script>\n<!-- \/ Yoast SEO plugin. -->","yoast_head_json":{"title":"Tienda de productos esot\u00e9ricos y art\u00edculos de santer\u00eda - Eleggua","description":"Eleggua.es, tienda especialista en productos esot\u00e9ricos y art\u00edculos de santer\u00eda, On-line, Madrid y Barcelona","robots":{"index":"index","follow":"follow","max-snippet":"max-snippet:-1","max-image-preview":"max-image-preview:large","max-video-preview":"max-video-preview:-1"},"canonical":"https:\/\/eleggua.es\/blog\/ferias\/","og_locale":"es_ES","og_type":"article","og_title":"Tienda de productos esot\u00e9ricos y art\u00edculos de santer\u00eda - Eleggua","og_description":"Eleggua.es, tienda especialista en productos esot\u00e9ricos y art\u00edculos de santer\u00eda, On-line, Madrid y Barcelona","og_url":"https:\/\/eleggua.es\/blog\/ferias\/","og_site_name":"Eleggua","article_modified_time":"2019-06-04T11:03:45+00:00","twitter_card":"summary_large_image","twitter_misc":{"Tiempo de lectura":"3 minutos"},"schema":{"@context":"https:\/\/schema.org","@graph":[{"@type":"WebSite","@id":"https:\/\/eleggua.es\/blog\/#website","url":"https:\/\/eleggua.es\/blog\/","name":"Eleggua","description":"Tiendas de productos esot\u00e9ricos en Madrid y Barcelona. Tienda online de productos esotericos y de santeria al por mayor.","potentialAction":[{"@type":"SearchAction","target":{"@type":"EntryPoint","urlTemplate":"https:\/\/eleggua.es\/blog\/?s={search_term_string}"},"query-input":"required name=search_term_string"}],"inLanguage":"es"},{"@type":"WebPage","@id":"https:\/\/eleggua.es\/blog\/ferias\/#webpage","url":"https:\/\/eleggua.es\/blog\/ferias\/","name":"Tienda de productos esot\u00e9ricos y art\u00edculos de santer\u00eda - Eleggua","isPartOf":{"@id":"https:\/\/eleggua.es\/blog\/#website"},"datePublished":"2019-05-22T11:49:35+00:00","dateModified":"2019-06-04T11:03:45+00:00","description":"Eleggua.es, tienda especialista en productos esot\u00e9ricos y art\u00edculos de santer\u00eda, On-line, Madrid y Barcelona","breadcrumb":{"@id":"https:\/\/eleggua.es\/blog\/ferias\/#breadcrumb"},"inLanguage":"es","potentialAction":[{"@type":"ReadAction","target":["https:\/\/eleggua.es\/blog\/ferias\/"]}]},{"@type":"BreadcrumbList","@id":"https:\/\/eleggua.es\/blog\/ferias\/#breadcrumb","itemListElement":[{"@type":"ListItem","position":1,"name":"Portada","item":"https:\/\/eleggua.es\/blog\/"},{"@type":"ListItem","position":2,"name":"Ferias"}]}]}},"_links":{"self":[{"href":"https:\/\/eleggua.es\/blog\/wp-json\/wp\/v2\/pages\/15"}],"collection":[{"href":"https:\/\/eleggua.es\/blog\/wp-json\/wp\/v2\/pages"}],"about":[{"href":"https:\/\/eleggua.es\/blog\/wp-json\/wp\/v2\/types\/page"}],"author":[{"embeddable":true,"href":"https:\/\/eleggua.es\/blog\/wp-json\/wp\/v2\/users\/1"}],"replies":[{"embeddable":true,"href":"https:\/\/eleggua.es\/blog\/wp-json\/wp\/v2\/comments?post=15"}],"version-history":[{"count":27,"href":"https:\/\/eleggua.es\/blog\/wp-json\/wp\/v2\/pages\/15\/revisions"}],"predecessor-version":[{"id":470,"href":"https:\/\/eleggua.es\/blog\/wp-json\/wp\/v2\/pages\/15\/revisions\/470"}],"wp:attachment":[{"href":"https:\/\/eleggua.es\/blog\/wp-json\/wp\/v2\/media?parent=15"}],"curies":[{"name":"wp","href":"https:\/\/api.w.org\/{rel}","templated":true}]}}